{"id":1915,"date":"2020-12-06T15:41:15","date_gmt":"2020-12-06T15:41:15","guid":{"rendered":"https:\/\/olvidosdegranada.es\/?page_id=1915"},"modified":"2020-12-15T02:26:34","modified_gmt":"2020-12-15T02:26:34","slug":"manual-de-uso-para-editores-olvidos-es","status":"publish","type":"page","link":"https:\/\/olvidosdegranada.es\/index.php\/manual-de-uso-para-editores-olvidos-es\/","title":{"rendered":"Manual de uso para editores Olvidos.es"},"content":{"rendered":"\n<h2 class=\"wp-block-heading\">Bloques a usar seg\u00fan el contenido<\/h2>\n\n\n\n<p>A la hora de insertar el contenido de texto es conveniente utilizar un tipo de bloque para cada uno de los diferentes tipos de informaci\u00f3n.<\/p>\n\n\n\n<p>Edita esta entrada y podr\u00e1s reconocer los tipos de bloque que exponemos a continuaci\u00f3n:<\/p>\n\n\n\n<p>As\u00ed, los p\u00e1rrafos de texto normal siempre se insertar\u00e1n con el bloque de p\u00e1rrafo,  <img loading=\"lazy\" decoding=\"async\" width=\"40\" height=\"40\" class=\"wp-image-2587\" style=\"width: 40px;\" src=\"https:\/\/olvidosdegranada.es\/wp-content\/uploads\/Captura-de-pantalla-2020-12-08-a-las-0.45.59.png\" alt=\"\">.<\/p>\n\n\n\n<p>Estos es un bloque de p\u00e1rrafo<\/p>\n\n\n\n<p>Las listas con el llamado listas<\/p>\n\n\n\n<ul class=\"wp-block-list\"><li>Esto es una lista<\/li><\/ul>\n\n\n\n<p>Las entradillas y las citas en p\u00e1rrafo se realizar\u00e1n con la el tipo de bloque <em>P\u00e1rrafo de cita<\/em><\/p>\n\n\n\n<figure class=\"wp-block-pullquote\"><blockquote><p>Por ejemplo, as\u00ed, esto es un p\u00e1rrafo de cita<\/p><\/blockquote><\/figure>\n\n\n\n<p>Por \u00faltimo hay que acostumbrarse a utilizar los distintos encabezados: H2, H3, H4, H5 y H6 para los t\u00edtulos y las diferentes jerarqu\u00edas del art\u00edculo.<\/p>\n\n\n\n<p><\/p>\n\n\n\n<h1 class=\"wp-block-heading\">encabezado H1, solo para los t\u00edtulos de los art\u00edculos<\/h1>\n\n\n\n<h2 class=\"wp-block-heading\">encabezado H2, para los subt\u00edtulos de los art\u00edculos, lo pone autom\u00e1ticamente, por ejemplo el shortcode de Piezas y procesos<\/h2>\n\n\n\n<h3 class=\"wp-block-heading\">encabezado H3, para nombres de autores, por ejemplo, aunque deben aparecer rellenando el campo &#8216;autor&#8217; o &#8216;autores&#8217; si son varios<\/h3>\n\n\n\n<h4 class=\"wp-block-heading\">encabezado H4, sin uso actualmente<\/h4>\n\n\n\n<h5 class=\"wp-block-heading\">encabezado H5, sin uso actualmente<\/h5>\n\n\n\n<h6 class=\"wp-block-heading\">encabezado H6, \u00eddem<\/h6>\n\n\n\n<hr class=\"wp-block-separator\"\/>\n\n\n\n<h2 class=\"wp-block-heading\">Creaci\u00f3n de art\u00edculos de la categor\u00eda Palabras, Editoriales y Memoria de Olvidos<\/h2>\n\n\n\n<ol class=\"wp-block-list\"><li>Se crea una entrada nueva<\/li><li>Se elige la categor\u00eda: Piezas y procesos, palabras, editoriales\u2026 En este caso, Palabras, o bien Editoriales, o bien Memoria de Olvidos.<\/li><li>Abajo, en <strong>Campos personalizados<\/strong> se pulsa en Nombre. Ah\u00ed se elige <strong>autor<\/strong> y en el campo adyacente se escribe el autor del art\u00edculo. Si el art\u00edculo tiene varios autores (m\u00e1s habitual en la categor\u00eda Piezas y procesos) se elige la opci\u00f3n <strong>varios-autores<\/strong>. Los campos personalizados est\u00e1n ocultos por defecto. Para mostrarlos nos vamos a los tres puntitos verticales en la parte superior derecha de la entrada. Nos saldr\u00e1 un men\u00fa. Abajo del todo clicamos en Opciones. Se abre un panel en donde aparecen varios campos seleccionados. Podemos ver que Campos Personalizados est\u00e1 desactivada. Solo tenemos que activarla.<\/li><li>Si se quiere se a\u00f1aden etiquetas (en la columna de la derecha). Los tipos de disciplina al que pertenece el art\u00edculo: literatura, periodismo, pintura, ciencia\u2026<\/li><li>Si se quiere introducir una imagen en el art\u00edculo, se selecciona, a la derecha, imagen destacada. Se carga desde la biblioteca de medios.<\/li><li>Si se quiere introducir m\u00e1s im\u00e1genes destacadas, en la columna de la derecha, m\u00e1s abajo, hay dos campos m\u00e1s de im\u00e1genes destacadas: <strong>Secundary image<\/strong>, <strong>Third image<\/strong>. El proceso es el mismo.<\/li><li>Se publica el art\u00edculo<\/li><\/ol>\n\n\n\n<hr class=\"wp-block-separator\"\/>\n\n\n\n<h2 class=\"wp-block-heading\">Creaci\u00f3n de reportajes Piezas y Procesos<\/h2>\n\n\n\n<p>Es suficiente poner todo en una sola entrada la introducci\u00f3n y los pasos. Cada paso estar\u00eda separado a trav\u00e9s del siguiente shortcode:<\/p>\n\n\n\n<pre class=\"wp-block-code\"><code> &#91;nextpage title=\"T\u00edtulo del paso\"]<\/code><\/pre>\n\n\n\n<p>El shortcode divide la entrada en p\u00e1ginas y crea un men\u00fa del proceso completo, como se puede ver aqu\u00ed:<\/p>\n\n\n\n<p id=\"block-7a87a7c3-44b6-4827-9ac5-20e5f67ab059\"><a href=\"https:\/\/olvidosdegranada.es\/index.php\/2012\/04\/19\/que-pasa-con-la-prostitucion-de-las-mujeres\/\" data-type=\"URL\" data-id=\"https:\/\/olvidosdegranada.es\/index.php\/2012\/04\/19\/que-pasa-con-la-prostitucion-de-las-mujeres\/\">Qu\u00e9 pasa con la prostituci\u00f3n de las mujeres<\/a><\/p>\n\n\n\n<p>Se puede ver tambi\u00e9n c\u00f3mo est\u00e1 realizado en la propia entrada desde el panel de administraci\u00f3n<\/p>\n\n\n\n<p>En los procesos las im\u00e1genes se a\u00f1aden directamente en el texto, a trav\u00e9s de un bloque de imagen. Por lo tanto no se usa la imagen destacada.<\/p>\n\n\n\n<hr class=\"wp-block-separator\"\/>\n\n\n\n<h2 class=\"wp-block-heading\">Notas a pie de p\u00e1gina <\/h2>\n\n\n\n<p>Para crear notas a pie de p\u00e1gina se usar\u00e1 el siguiente c\u00f3digo junto a la palabra que contenga la nota:<\/p>\n\n\n\n<pre class=\"wp-block-code\"><code>Palabra que contiene la nota&#91;ref]Texto de la nota&#91;\/ref]<\/code><\/pre>\n\n\n\n<p>Una vez insertado el n\u00famero de la nota y la nota al final de la p\u00e1gina se crear\u00e1n autom\u00e1ticamente una vez guardado la entrada. Aqu\u00ed un ejemplo: <\/p>\n\n\n\n<p><a href=\"https:\/\/olvidosdegranada.es\/index.php\/2018\/12\/23\/los-caminos-del-pensamiento-unico\/2\/\" data-type=\"URL\" data-id=\"https:\/\/olvidosdegranada.es\/index.php\/2018\/12\/23\/los-caminos-del-pensamiento-unico\/2\/\">Los caminos del pensamiento \u00fanico<\/a><\/p>\n\n\n\n<hr class=\"wp-block-separator\"\/>\n\n\n\n<h2 class=\"wp-block-heading\">Poemas<\/h2>\n\n\n\n<p>Cuando se necesite insertar un poema, hay un bloque espec\u00edfico para ello llamado precisamente Verso. Un &#8216;enter&#8217; abre nuevo bloque, para que los versos vayan en un solo bloque puedes unirlos, con salto de l\u00ednea, si utilizas enter+may\u00fascula<\/p>\n\n\n\n<pre class=\"wp-block-verse\">Esto es un Bloque Verso<\/pre>\n\n\n\n<hr class=\"wp-block-separator\"\/>\n\n\n\n<h2 class=\"wp-block-heading\">Galer\u00edas<\/h2>\n\n\n\n<p>Las galer\u00edas se crean aparte, fuera de la entrada y luego se insertan con un shortcode. La secci\u00f3n para crear galer\u00edas se llama Modula. <a href=\"https:\/\/www.hostinet.com\/formacion\/wordpress\/como-mejorar-las-galerias-de-wordpress-con-modula-image-gallery\/\" data-type=\"URL\" data-id=\"https:\/\/www.hostinet.com\/formacion\/wordpress\/como-mejorar-las-galerias-de-wordpress-con-modula-image-gallery\/\" target=\"_blank\" rel=\"noreferrer noopener\">Aqu\u00ed un manual de uso<\/a><\/p>\n\n\n\n<p>Hay que tener en cuenta que al crear la galer\u00eda, en la secci\u00f3n correspondiente a elegir las im\u00e1genes, se podr\u00e1 introducir determinado texto que aparecer\u00e1 en la galer\u00eda:<\/p>\n\n\n\n<ul class=\"wp-block-list\"><li>Title: Lo escrito aqu\u00ed aparecer\u00e1 en la imagen de la galer\u00eda como t\u00edtulo de la misma.<\/li><li>Alt Text: Es conveniente escribir aqu\u00ed una descripci\u00f3n de la imagen para ampliar la accesibilidad de la misma as\u00ed como ayuda al buen posicionamiento de la web. (Si se desmarca la opci\u00f3n de la galer\u00eda <em>Hide Caption<\/em>)<\/li><li>Caption Text: El texto introducido aqu\u00ed aparecer\u00e1 como comentar\u00edo o pie de imagen. (Si se desmarca la opci\u00f3n de la galer\u00eda <em>Hide Caption<\/em>)<\/li><\/ul>\n\n\n\n<hr class=\"wp-block-separator\"\/>\n\n\n\n<h2 class=\"wp-block-heading\">PDF<\/h2>\n\n\n\n<p>Los PDF se integrar\u00e1n a trav\u00e9s de un shortcode:<\/p>\n\n\n\n<pre class=\"wp-block-code\"><code>&#91;flipbook pdf=\"https:\/\/olvidosdegranada.es\/wp-content\/uploads\/2020\/11\/CUENTOCHINO2.pdf\"]<\/code><\/pre>\n\n\n\n<p>Solo hay que buscar y copiar el enlace del archivo PDF, previamente subido, e insertarlo en el shortcode, como se puede ver en el ejemplo. <\/p>\n\n\n\n<hr class=\"wp-block-separator\"\/>\n\n\n\n<h2 class=\"wp-block-heading\">Accesibilidad<\/h2>\n\n\n\n<p>Hay un conjunto de recomendaciones y est\u00e1ndares que facilitan la tarea de hacer una web accesible. A pesar de que su seguimiento no garantiza una total accesibilidad, s\u00ed nos acerca a ella. A continuaci\u00f3n listamos algunas normas b\u00e1sicas<\/p>\n\n\n\n<p>Todas las im\u00e1genes deben tener un texto alternativo (se puede definir con el atributo alt de la etiqueta img) que usar\u00e1n los navegadores que no muestren im\u00e1genes (lectores de pantalla, ordenadores con una conexi\u00f3n lenta, navegadores de texto). Por ese motivo, no sirve poner el nombre del archivo gr\u00e1fico (pr\u00e1ctica desgraciadamente habitual) sino que hay que poner una descripci\u00f3n clara del contenido de la imagen (no se etiquetar\u00e1n las im\u00e1genes puramente ornamentales). <\/p>\n\n\n\n<p>En los enlaces debe usarse un texto descriptivo del lugar al que apuntan. Este texto debe ser comprensible fuera de contexto y, por tanto, no sirve el tan usado \u201cpulsa aqu\u00ed\u201d ni variaciones similares. <\/p>\n\n\n\n<p>Para organizar la informaci\u00f3n en la p\u00e1gina deben usarse los tags o etiquetas que proporcionan tanto HTML como XHTML. As\u00ed, h1, h2,\u2026, h6 son imprescindibles para indicar los t\u00edtulos, la negrita se usar\u00e1 s\u00f3lo cuando se quiera destacar un texto importante, etc.<\/p>\n","protected":false},"excerpt":{"rendered":"<p>Bloques a usar seg\u00fan el contenido A la hora de insertar el contenido de texto &#8230; <\/p>\n<p class=\"read-more-container\"><a title=\"Manual de uso para editores Olvidos.es\" class=\"read-more button\" href=\"https:\/\/olvidosdegranada.es\/index.php\/manual-de-uso-para-editores-olvidos-es\/#more-1915\" aria-label=\"Leer m\u00e1s sobre Manual de uso para editores Olvidos.es\">Leer m\u00e1s<\/a><\/p>\n","protected":false},"author":1,"featured_media":0,"parent":0,"menu_order":0,"comment_status":"closed","ping_status":"closed","template":"","meta":{"_acf_changed":false,"footnotes":""},"class_list":{"0":"post-1915","1":"page","2":"type-page","3":"status-publish","5":"infinite-scroll-item","6":"no-featured-image-padding"},"acf":[],"yoast_head":"<!-- This site is optimized with the Yoast SEO plugin v28.3 - https:\/\/yoast.com\/product\/yoast-seo-wordpress\/ -->\n<title>Manual de uso para editores Olvidos.es - Olvidos de Granada<\/title>\n<meta name=\"description\" content=\"Bloques a usar seg\u00fan el contenido A la hora de insertar el contenido de texto es conveniente utilizar un tipo de bloque para cada uno de los diferentes\" \/>\n<meta name=\"robots\" content=\"index, follow, max-snippet:-1, max-image-preview:large, max-video-preview:-1\" \/>\n<link rel=\"canonical\" href=\"https:\/\/olvidosdegranada.es\/index.php\/manual-de-uso-para-editores-olvidos-es\/\" \/>\n<meta property=\"og:locale\" content=\"es_ES\" \/>\n<meta property=\"og:type\" content=\"article\" \/>\n<meta property=\"og:title\" content=\"Manual de uso para editores Olvidos.es - Olvidos de Granada\" \/>\n<meta property=\"og:description\" content=\"Bloques a usar seg\u00fan el contenido A la hora de insertar el contenido de texto es conveniente utilizar un tipo de bloque para cada uno de los diferentes\" \/>\n<meta property=\"og:url\" content=\"https:\/\/olvidosdegranada.es\/index.php\/manual-de-uso-para-editores-olvidos-es\/\" \/>\n<meta property=\"og:site_name\" content=\"Olvidos de Granada\" \/>\n<meta property=\"article:publisher\" content=\"https:\/\/www.facebook.com\/OLVIDOSDIGITAL\" \/>\n<meta property=\"article:modified_time\" content=\"2020-12-15T02:26:34+00:00\" \/>\n<meta property=\"og:image\" content=\"https:\/\/olvidosdegranada.es\/wp-content\/uploads\/Captura-de-pantalla-2020-12-08-a-las-0.45.59.png\" \/>\n<meta name=\"twitter:card\" content=\"summary_large_image\" \/>\n<meta name=\"twitter:site\" content=\"@olvidospuntoes\" \/>\n<meta name=\"twitter:label1\" content=\"Tiempo de lectura\" \/>\n\t<meta name=\"twitter:data1\" content=\"5 minutos\" \/>\n<script type=\"application\/ld+json\" class=\"yoast-schema-graph\">{\"@context\":\"https:\\\/\\\/schema.org\",\"@graph\":[{\"@type\":\"WebPage\",\"@id\":\"https:\\\/\\\/olvidosdegranada.es\\\/index.php\\\/manual-de-uso-para-editores-olvidos-es\\\/\",\"url\":\"https:\\\/\\\/olvidosdegranada.es\\\/index.php\\\/manual-de-uso-para-editores-olvidos-es\\\/\",\"name\":\"Manual de uso para editores Olvidos.es - Olvidos de Granada\",\"isPartOf\":{\"@id\":\"https:\\\/\\\/olvidosdegranada.es\\\/#website\"},\"primaryImageOfPage\":{\"@id\":\"https:\\\/\\\/olvidosdegranada.es\\\/index.php\\\/manual-de-uso-para-editores-olvidos-es\\\/#primaryimage\"},\"image\":{\"@id\":\"https:\\\/\\\/olvidosdegranada.es\\\/index.php\\\/manual-de-uso-para-editores-olvidos-es\\\/#primaryimage\"},\"thumbnailUrl\":\"https:\\\/\\\/olvidosdegranada.es\\\/wp-content\\\/uploads\\\/Captura-de-pantalla-2020-12-08-a-las-0.45.59.png\",\"datePublished\":\"2020-12-06T15:41:15+00:00\",\"dateModified\":\"2020-12-15T02:26:34+00:00\",\"description\":\"Bloques a usar seg\u00fan el contenido A la hora de insertar el contenido de texto es conveniente utilizar un tipo de bloque para cada uno de los diferentes\",\"breadcrumb\":{\"@id\":\"https:\\\/\\\/olvidosdegranada.es\\\/index.php\\\/manual-de-uso-para-editores-olvidos-es\\\/#breadcrumb\"},\"inLanguage\":\"es\",\"potentialAction\":[{\"@type\":\"ReadAction\",\"target\":[\"https:\\\/\\\/olvidosdegranada.es\\\/index.php\\\/manual-de-uso-para-editores-olvidos-es\\\/\"]}]},{\"@type\":\"ImageObject\",\"inLanguage\":\"es\",\"@id\":\"https:\\\/\\\/olvidosdegranada.es\\\/index.php\\\/manual-de-uso-para-editores-olvidos-es\\\/#primaryimage\",\"url\":\"https:\\\/\\\/olvidosdegranada.es\\\/wp-content\\\/uploads\\\/Captura-de-pantalla-2020-12-08-a-las-0.45.59.png\",\"contentUrl\":\"https:\\\/\\\/olvidosdegranada.es\\\/wp-content\\\/uploads\\\/Captura-de-pantalla-2020-12-08-a-las-0.45.59.png\",\"width\":80,\"height\":80},{\"@type\":\"BreadcrumbList\",\"@id\":\"https:\\\/\\\/olvidosdegranada.es\\\/index.php\\\/manual-de-uso-para-editores-olvidos-es\\\/#breadcrumb\",\"itemListElement\":[{\"@type\":\"ListItem\",\"position\":1,\"name\":\"Portada\",\"item\":\"https:\\\/\\\/olvidosdegranada.es\\\/\"},{\"@type\":\"ListItem\",\"position\":2,\"name\":\"Manual de uso para editores Olvidos.es\"}]},{\"@type\":\"WebSite\",\"@id\":\"https:\\\/\\\/olvidosdegranada.es\\\/#website\",\"url\":\"https:\\\/\\\/olvidosdegranada.es\\\/\",\"name\":\"Olvidos de Granada\",\"description\":\"Revista de acciones culturales\",\"publisher\":{\"@id\":\"https:\\\/\\\/olvidosdegranada.es\\\/#organization\"},\"potentialAction\":[{\"@type\":\"SearchAction\",\"target\":{\"@type\":\"EntryPoint\",\"urlTemplate\":\"https:\\\/\\\/olvidosdegranada.es\\\/?s={search_term_string}\"},\"query-input\":{\"@type\":\"PropertyValueSpecification\",\"valueRequired\":true,\"valueName\":\"search_term_string\"}}],\"inLanguage\":\"es\"},{\"@type\":\"Organization\",\"@id\":\"https:\\\/\\\/olvidosdegranada.es\\\/#organization\",\"name\":\"Olvidos de Granada\",\"url\":\"https:\\\/\\\/olvidosdegranada.es\\\/\",\"logo\":{\"@type\":\"ImageObject\",\"inLanguage\":\"es\",\"@id\":\"https:\\\/\\\/olvidosdegranada.es\\\/#\\\/schema\\\/logo\\\/image\\\/\",\"url\":\"https:\\\/\\\/olvidosdegranada.es\\\/wp-content\\\/uploads\\\/2020\\\/12\\\/Recurso-9.png\",\"contentUrl\":\"https:\\\/\\\/olvidosdegranada.es\\\/wp-content\\\/uploads\\\/2020\\\/12\\\/Recurso-9.png\",\"width\":700,\"height\":227,\"caption\":\"Olvidos de Granada\"},\"image\":{\"@id\":\"https:\\\/\\\/olvidosdegranada.es\\\/#\\\/schema\\\/logo\\\/image\\\/\"},\"sameAs\":[\"https:\\\/\\\/www.facebook.com\\\/OLVIDOSDIGITAL\",\"https:\\\/\\\/x.com\\\/olvidospuntoes\"]}]}<\/script>\n<!-- \/ Yoast SEO plugin. -->","yoast_head_json":{"title":"Manual de uso para editores Olvidos.es - Olvidos de Granada","description":"Bloques a usar seg\u00fan el contenido A la hora de insertar el contenido de texto es conveniente utilizar un tipo de bloque para cada uno de los diferentes","robots":{"index":"index","follow":"follow","max-snippet":"max-snippet:-1","max-image-preview":"max-image-preview:large","max-video-preview":"max-video-preview:-1"},"canonical":"https:\/\/olvidosdegranada.es\/index.php\/manual-de-uso-para-editores-olvidos-es\/","og_locale":"es_ES","og_type":"article","og_title":"Manual de uso para editores Olvidos.es - Olvidos de Granada","og_description":"Bloques a usar seg\u00fan el contenido A la hora de insertar el contenido de texto es conveniente utilizar un tipo de bloque para cada uno de los diferentes","og_url":"https:\/\/olvidosdegranada.es\/index.php\/manual-de-uso-para-editores-olvidos-es\/","og_site_name":"Olvidos de Granada","article_publisher":"https:\/\/www.facebook.com\/OLVIDOSDIGITAL","article_modified_time":"2020-12-15T02:26:34+00:00","og_image":[{"url":"https:\/\/olvidosdegranada.es\/wp-content\/uploads\/Captura-de-pantalla-2020-12-08-a-las-0.45.59.png","type":"","width":"","height":""}],"twitter_card":"summary_large_image","twitter_site":"@olvidospuntoes","twitter_misc":{"Tiempo de lectura":"5 minutos"},"schema":{"@context":"https:\/\/schema.org","@graph":[{"@type":"WebPage","@id":"https:\/\/olvidosdegranada.es\/index.php\/manual-de-uso-para-editores-olvidos-es\/","url":"https:\/\/olvidosdegranada.es\/index.php\/manual-de-uso-para-editores-olvidos-es\/","name":"Manual de uso para editores Olvidos.es - Olvidos de Granada","isPartOf":{"@id":"https:\/\/olvidosdegranada.es\/#website"},"primaryImageOfPage":{"@id":"https:\/\/olvidosdegranada.es\/index.php\/manual-de-uso-para-editores-olvidos-es\/#primaryimage"},"image":{"@id":"https:\/\/olvidosdegranada.es\/index.php\/manual-de-uso-para-editores-olvidos-es\/#primaryimage"},"thumbnailUrl":"https:\/\/olvidosdegranada.es\/wp-content\/uploads\/Captura-de-pantalla-2020-12-08-a-las-0.45.59.png","datePublished":"2020-12-06T15:41:15+00:00","dateModified":"2020-12-15T02:26:34+00:00","description":"Bloques a usar seg\u00fan el contenido A la hora de insertar el contenido de texto es conveniente utilizar un tipo de bloque para cada uno de los diferentes","breadcrumb":{"@id":"https:\/\/olvidosdegranada.es\/index.php\/manual-de-uso-para-editores-olvidos-es\/#breadcrumb"},"inLanguage":"es","potentialAction":[{"@type":"ReadAction","target":["https:\/\/olvidosdegranada.es\/index.php\/manual-de-uso-para-editores-olvidos-es\/"]}]},{"@type":"ImageObject","inLanguage":"es","@id":"https:\/\/olvidosdegranada.es\/index.php\/manual-de-uso-para-editores-olvidos-es\/#primaryimage","url":"https:\/\/olvidosdegranada.es\/wp-content\/uploads\/Captura-de-pantalla-2020-12-08-a-las-0.45.59.png","contentUrl":"https:\/\/olvidosdegranada.es\/wp-content\/uploads\/Captura-de-pantalla-2020-12-08-a-las-0.45.59.png","width":80,"height":80},{"@type":"BreadcrumbList","@id":"https:\/\/olvidosdegranada.es\/index.php\/manual-de-uso-para-editores-olvidos-es\/#breadcrumb","itemListElement":[{"@type":"ListItem","position":1,"name":"Portada","item":"https:\/\/olvidosdegranada.es\/"},{"@type":"ListItem","position":2,"name":"Manual de uso para editores Olvidos.es"}]},{"@type":"WebSite","@id":"https:\/\/olvidosdegranada.es\/#website","url":"https:\/\/olvidosdegranada.es\/","name":"Olvidos de Granada","description":"Revista de acciones culturales","publisher":{"@id":"https:\/\/olvidosdegranada.es\/#organization"},"potentialAction":[{"@type":"SearchAction","target":{"@type":"EntryPoint","urlTemplate":"https:\/\/olvidosdegranada.es\/?s={search_term_string}"},"query-input":{"@type":"PropertyValueSpecification","valueRequired":true,"valueName":"search_term_string"}}],"inLanguage":"es"},{"@type":"Organization","@id":"https:\/\/olvidosdegranada.es\/#organization","name":"Olvidos de Granada","url":"https:\/\/olvidosdegranada.es\/","logo":{"@type":"ImageObject","inLanguage":"es","@id":"https:\/\/olvidosdegranada.es\/#\/schema\/logo\/image\/","url":"https:\/\/olvidosdegranada.es\/wp-content\/uploads\/2020\/12\/Recurso-9.png","contentUrl":"https:\/\/olvidosdegranada.es\/wp-content\/uploads\/2020\/12\/Recurso-9.png","width":700,"height":227,"caption":"Olvidos de Granada"},"image":{"@id":"https:\/\/olvidosdegranada.es\/#\/schema\/logo\/image\/"},"sameAs":["https:\/\/www.facebook.com\/OLVIDOSDIGITAL","https:\/\/x.com\/olvidospuntoes"]}]}},"jetpack_sharing_enabled":true,"_links":{"self":[{"href":"https:\/\/olvidosdegranada.es\/index.php\/wp-json\/wp\/v2\/pages\/1915","targetHints":{"allow":["GET"]}}],"collection":[{"href":"https:\/\/olvidosdegranada.es\/index.php\/wp-json\/wp\/v2\/pages"}],"about":[{"href":"https:\/\/olvidosdegranada.es\/index.php\/wp-json\/wp\/v2\/types\/page"}],"author":[{"embeddable":true,"href":"https:\/\/olvidosdegranada.es\/index.php\/wp-json\/wp\/v2\/users\/1"}],"replies":[{"embeddable":true,"href":"https:\/\/olvidosdegranada.es\/index.php\/wp-json\/wp\/v2\/comments?post=1915"}],"version-history":[{"count":26,"href":"https:\/\/olvidosdegranada.es\/index.php\/wp-json\/wp\/v2\/pages\/1915\/revisions"}],"predecessor-version":[{"id":2926,"href":"https:\/\/olvidosdegranada.es\/index.php\/wp-json\/wp\/v2\/pages\/1915\/revisions\/2926"}],"wp:attachment":[{"href":"https:\/\/olvidosdegranada.es\/index.php\/wp-json\/wp\/v2\/media?parent=1915"}],"curies":[{"name":"wp","href":"https:\/\/api.w.org\/{rel}","templated":true}]}}