{"id":1500,"date":"2020-12-01T10:35:27","date_gmt":"2020-12-01T10:35:27","guid":{"rendered":"https:\/\/olvidosdegranada.es\/?page_id=1500"},"modified":"2020-12-12T19:47:02","modified_gmt":"2020-12-12T19:47:02","slug":"manual-de-identidad-visual","status":"publish","type":"page","link":"https:\/\/olvidosdegranada.es\/index.php\/manual-de-identidad-visual\/","title":{"rendered":"Manual de identidad visual de Olvidos"},"content":{"rendered":"\n<h2 class=\"wp-block-heading\">Estilo general<\/h2>\n\n\n\n<p>La web de Olvidos recupera el concepto de la revista f\u00edsica que se public\u00f3 en Granada en los a\u00f1os ochenta. De esta manera, la identidad visual de la web intentar\u00e1 connotar diversos aspectos del medio impreso. <\/p>\n\n\n\n<p>Realizamos una apuesta por una web fundamentada sobre todo en el texto. Limpia de im\u00e1genes exceptuando las estrictamente necesarias, sobre todo las relativas a determinados art\u00edculos y reportajes. De esta manera los elementos gr\u00e1ficos ser\u00e1n fundamentalmente tipogr\u00e1ficos<\/p>\n\n\n\n<hr class=\"wp-block-separator\"\/>\n\n\n\n<h2 class=\"wp-block-heading\">Logotipo<\/h2>\n\n\n\n<p>El logotipo de la asociacio\u0301n Olvidos y, por extensio\u0301n, de la revista online es el siguiente:<\/p>\n\n\n\n<div class=\"wp-block-image is-style-default\"><figure class=\"alignright size-large is-resized\"><img loading=\"lazy\" decoding=\"async\" src=\"https:\/\/olvidosdegranada.es\/wp-content\/uploads\/2020\/12\/Recurso-9.png\" alt=\"\" class=\"wp-image-1502\" width=\"474\" height=\"154\" srcset=\"https:\/\/olvidosdegranada.es\/wp-content\/uploads\/2020\/12\/Recurso-9.png 700w, https:\/\/olvidosdegranada.es\/wp-content\/uploads\/2020\/12\/Recurso-9-300x97.png 300w\" sizes=\"auto, (max-width: 474px) 100vw, 474px\" \/><\/figure><\/div>\n\n\n\n<p>Apostamos por la sencillez, que se puede ver por la fuente elegida (Libre Franklin), simple, geome\u0301trica y sin serifas, lo que le da un aspecto de modernidad y el elemento gra\u0301fico del corchete, un signo de puntuaci\u00f3n que nos retrotrae a los signos del alfabeto, o sea, a la escritura, base del concepto de la revista. El corchete se utiliza de la misma forma que los pare\u0301ntesis,  se utilizan para hacer incisos dentro de un texto. Por medio de estos incisos, el autor puede realizar acotaciones, aclarar y\/o an\u0303adir ma\u0301s informacio\u0301n.<br>De esta forma, el corchete nos connota una especie de paro\u0301n del texto para ampliar o definir algu\u0301n aspecto relevante.Esto es una buena meta\u0301fora de las intenciones de la revista, habilitar un espacio en donde se acote nueva informacio\u0301n a acontecimientos culturales de todo tipo.<\/p>\n\n\n\n<hr class=\"wp-block-separator\"\/>\n\n\n\n<h2 class=\"wp-block-heading\">Colores<\/h2>\n\n\n\n<p>El color principal del logotipo y de la web es un rojo un poco desaturado. A partir del mismo creamos variaciones para su uso en distintos elementos:<\/p>\n\n\n\n<div class=\"wp-block-group no_indent\"><div class=\"wp-block-group__inner-container is-layout-flow wp-block-group-is-layout-flow\">\n<div class=\"wp-block-image is-style-default color_ident_vis\"><figure class=\"alignleft size-large is-resized\"><img loading=\"lazy\" decoding=\"async\" src=\"https:\/\/olvidosdegranada.es\/wp-content\/uploads\/2020\/12\/Recurso-12-copia.png\" alt=\"\" class=\"wp-image-1508\" width=\"151\" height=\"151\" srcset=\"https:\/\/olvidosdegranada.es\/wp-content\/uploads\/2020\/12\/Recurso-12-copia.png 300w, https:\/\/olvidosdegranada.es\/wp-content\/uploads\/2020\/12\/Recurso-12-copia-150x150.png 150w\" sizes=\"auto, (max-width: 151px) 100vw, 151px\" \/><\/figure><\/div>\n\n\n\n<p><strong>RGB<\/strong> (sRGB): 255, 98, 97<br><strong>Hexadecimal<\/strong>: #ff6261<br><strong>CMYK<\/strong> (Coated FOGRA39): 0 74% 51% 0<br><strong>PANTONE<\/strong>: 805C<\/p>\n\n\n\n<hr class=\"wp-block-separator\"\/>\n<\/div><\/div>\n\n\n\n<div class=\"wp-block-group no_indent\"><div class=\"wp-block-group__inner-container is-layout-flow wp-block-group-is-layout-flow\">\n<div class=\"wp-block-image is-style-default color_ident_vis\"><figure class=\"alignleft size-large is-resized\"><img loading=\"lazy\" decoding=\"async\" src=\"https:\/\/olvidosdegranada.es\/wp-content\/uploads\/2020\/12\/Recurso-15.png\" alt=\"\" class=\"wp-image-1528\" width=\"151\" height=\"151\" srcset=\"https:\/\/olvidosdegranada.es\/wp-content\/uploads\/2020\/12\/Recurso-15.png 300w, https:\/\/olvidosdegranada.es\/wp-content\/uploads\/2020\/12\/Recurso-15-150x150.png 150w\" sizes=\"auto, (max-width: 151px) 100vw, 151px\" \/><\/figure><\/div>\n\n\n\n<p><strong>RGB<\/strong> (sRGB): 255, 98, 97<br><strong>Hexadecimal<\/strong>: #ff6261<br><strong>CMYK<\/strong> (Coated FOGRA39): 0 74% 51% 0<br><strong>PANTONE<\/strong>: 805C<\/p>\n\n\n\n<hr class=\"wp-block-separator\"\/>\n<\/div><\/div>\n\n\n\n<div class=\"wp-block-group no_indent\"><div class=\"wp-block-group__inner-container is-layout-flow wp-block-group-is-layout-flow\">\n<div class=\"wp-block-image is-style-default color_ident_vis\"><figure class=\"alignleft size-large is-resized\"><img loading=\"lazy\" decoding=\"async\" src=\"https:\/\/olvidosdegranada.es\/wp-content\/uploads\/2020\/12\/Recurso-16.png\" alt=\"\" class=\"wp-image-1529\" width=\"151\" height=\"151\" srcset=\"https:\/\/olvidosdegranada.es\/wp-content\/uploads\/2020\/12\/Recurso-16.png 300w, https:\/\/olvidosdegranada.es\/wp-content\/uploads\/2020\/12\/Recurso-16-150x150.png 150w\" sizes=\"auto, (max-width: 151px) 100vw, 151px\" \/><\/figure><\/div>\n\n\n\n<p><strong>RGB<\/strong> (sRGB): 255, 98, 97<br><strong>Hexadecimal<\/strong>: #ff6261<br><strong>CMYK<\/strong> (Coated FOGRA39): 0 74% 51% 0<br><strong>PANTONE<\/strong>: 805C<\/p>\n\n\n\n<hr class=\"wp-block-separator\"\/>\n<\/div><\/div>\n\n\n\n<p>En l\u00ednea con lo indicado como concepto general de la identidad visual, en lo respectivo a connotar ciertos rasgos de la revista impresa, los elementos no indicados para presentarse en rojo utilizar\u00e1n un tipo de azul oscuro para as\u00ed crea un contraste c\u00e1lido-frio con el rojo corporativo. Presentamos tambi\u00e9n sus variaciones destinadas a elementos secundarios, como los Meta, algunos Hover, etc, que se indicar\u00e1n m\u00e1s adelante:<\/p>\n\n\n\n<div class=\"wp-block-group no_indent\"><div class=\"wp-block-group__inner-container is-layout-flow wp-block-group-is-layout-flow\">\n<div class=\"wp-block-image is-style-default color_ident_vis\"><figure class=\"alignleft size-large is-resized\"><img loading=\"lazy\" decoding=\"async\" src=\"https:\/\/olvidosdegranada.es\/wp-content\/uploads\/2020\/12\/Recurso-17.png\" alt=\"\" class=\"wp-image-1673\" width=\"151\" height=\"151\" srcset=\"https:\/\/olvidosdegranada.es\/wp-content\/uploads\/2020\/12\/Recurso-17.png 300w, https:\/\/olvidosdegranada.es\/wp-content\/uploads\/2020\/12\/Recurso-17-150x150.png 150w\" sizes=\"auto, (max-width: 151px) 100vw, 151px\" \/><\/figure><\/div>\n\n\n\n<p><strong>RGB<\/strong> (sRGB): 1, 53, 89<br><strong>Hexadecimal<\/strong>: #013559<br><strong>CMYK<\/strong> (Coated FOGRA39): 100% 77% 40%, 36%<br><strong>PANTONE<\/strong>: 540C<\/p>\n\n\n\n<hr class=\"wp-block-separator\"\/>\n<\/div><\/div>\n\n\n\n<div class=\"wp-block-group no_indent\"><div class=\"wp-block-group__inner-container is-layout-flow wp-block-group-is-layout-flow\">\n<div class=\"wp-block-image is-style-default color_ident_vis\"><figure class=\"alignleft size-large is-resized\"><img loading=\"lazy\" decoding=\"async\" src=\"https:\/\/olvidosdegranada.es\/wp-content\/uploads\/2020\/12\/Recurso-18.png\" alt=\"\" class=\"wp-image-1674\" width=\"151\" height=\"151\" srcset=\"https:\/\/olvidosdegranada.es\/wp-content\/uploads\/2020\/12\/Recurso-18.png 300w, https:\/\/olvidosdegranada.es\/wp-content\/uploads\/2020\/12\/Recurso-18-150x150.png 150w\" sizes=\"auto, (max-width: 151px) 100vw, 151px\" \/><\/figure><\/div>\n\n\n\n<p><strong>RGB<\/strong> (sRGB): 161, 182, 196<br><strong>Hexadecimal<\/strong>: #a1b6c4<br><strong>CMYK<\/strong> (Coated FOGRA39): 68% 40% 34% 17%<br><strong>PANTONE<\/strong>: 5405C<\/p>\n\n\n\n<hr class=\"wp-block-separator\"\/>\n<\/div><\/div>\n\n\n\n<div class=\"wp-block-group no_indent\"><div class=\"wp-block-group__inner-container is-layout-flow wp-block-group-is-layout-flow\">\n<div class=\"wp-block-image is-style-default color_ident_vis\"><figure class=\"alignleft size-large is-resized\"><img loading=\"lazy\" decoding=\"async\" src=\"https:\/\/olvidosdegranada.es\/wp-content\/uploads\/2020\/12\/Recurso-19.png\" alt=\"\" class=\"wp-image-1675\" width=\"151\" height=\"151\" srcset=\"https:\/\/olvidosdegranada.es\/wp-content\/uploads\/2020\/12\/Recurso-19.png 300w, https:\/\/olvidosdegranada.es\/wp-content\/uploads\/2020\/12\/Recurso-19-150x150.png 150w\" sizes=\"auto, (max-width: 151px) 100vw, 151px\" \/><\/figure><\/div>\n\n\n\n<p><strong>RGB<\/strong> (sRGB): 255, 98, 97<br><strong>Hexadecimal<\/strong>: #ff6261<br><strong>CMYK<\/strong> (Coated FOGRA39): 44% 18% 18% 1%<br><strong>PANTONE<\/strong>: 550C<\/p>\n\n\n\n<hr class=\"wp-block-separator\"\/>\n<\/div><\/div>\n\n\n\n<hr class=\"wp-block-separator\"\/>\n\n\n\n<h2 class=\"wp-block-heading\">Fuentes<\/h2>\n\n\n\n<h4 class=\"wp-block-heading\"><strong>Libre Franklin.<\/strong> <\/h4>\n\n\n\n<p class=\"no_indent\">Tipograf\u00eda del logotipo. La utilizaremos en el cuerpo de la web, para los t\u00edtulos y subt\u00edtulos, asimismo en los enlaces principales, con sus diversos estilos de grosor.<\/p>\n\n\n\n<h4 class=\"wp-block-heading\">abcdefghyjklmn\u00f1opqrstuwyz 1234567890<br>ABCDEFGHYJKLMN\u00d1OPKRSTUWYZ 1234567890<\/h4>\n\n\n\n<h4 class=\"wp-block-heading\"><strong>Crimson Text.<\/strong> <\/h4>\n\n\n\n<p class=\"no_indent\" id=\"no_indent\">Texto del cuerpo y elementos secundarios.<\/p>\n\n\n\n<p id=\"block-a7eb37a4-4a87-4771-b6f6-1a93714eada9\">abcdefghyjklmn\u00f1opqrstuwyz 1234567890<br>ABCDEFGHYJKLMN\u00d1OPKRSTUWYZ 1234567890<\/p>\n\n\n\n<hr class=\"wp-block-separator\"\/>\n\n\n\n<h2 class=\"wp-block-heading\">Elementos gr\u00e1ficos<\/h2>\n\n\n\n<h3 class=\"wp-block-heading\">Bot\u00f3n Volver arriba.<\/h3>\n\n\n\n<div class=\"wp-block-group\"><div class=\"wp-block-group__inner-container is-layout-flow wp-block-group-is-layout-flow\">\n<div class=\"wp-block-image is-style-default color_ident_vis\"><figure class=\"alignleft size-large is-resized\"><img loading=\"lazy\" decoding=\"async\" src=\"https:\/\/olvidosdegranada.es\/wp-content\/uploads\/2020\/12\/Recurso-20.png\" alt=\"\" class=\"wp-image-1684\" width=\"72\" height=\"28\"\/><\/figure><\/div>\n\n\n\n<p id=\"no_indent\">Utilizamos el signo ortogr\u00e1fico acento circunflejo. Se ha elegido por su similitud con una flecha, para indicar as\u00ed, la vuelta hacia el comienzo de una p\u00e1gina. Naturalmente el estilo de la fuente para crear este s\u00edmbolo es la fuente corporativa Libre Franklin.<\/p>\n<\/div><\/div>\n\n\n\n<h3 class=\"wp-block-heading\">Corchete<\/h3>\n\n\n\n<p class=\"no_indent\">Utilizaremos el corchete que trae el logotipo para incorporarlo a algunos elementos dentro de la web y as\u00ed destacarlos:<\/p>\n\n\n\n<h3 class=\"wp-block-heading\">Enlaces a las categor\u00edas.<\/h3>\n\n\n\n<div class=\"wp-block-group\"><div class=\"wp-block-group__inner-container is-layout-flow wp-block-group-is-layout-flow\">\n<div class=\"wp-block-image is-style-default color_ident_vis\"><figure class=\"aligncenter size-large is-resized\"><img loading=\"lazy\" decoding=\"async\" src=\"https:\/\/olvidosdegranada.es\/wp-content\/uploads\/2020\/12\/Recurso-21.png\" alt=\"\" class=\"wp-image-1691\" width=\"225\" height=\"62\"\/><\/figure><\/div>\n<\/div><\/div>\n\n\n\n<h3 class=\"wp-block-heading\">Entradillas y citas de p\u00e1rrafo:<\/h3>\n\n\n\n<figure class=\"wp-block-pullquote\"><blockquote><p>Adipiscing elit, sed diam nonummy nibh euismod tincidunt ut laoreet dolore magna aliquam erat volutpat. Ut wisi enim ad minim veniam, quis nostrud exerci tation ullamcorper suscipit lobortis nisl ut aliquip ex ea commodo consequat. Duis autem vel eum iriure dolor in hendrerit in vulputate velit esse molestie consequat, vel illum dolore eu feugiat nulla facilisis at vero eros et accumsan et iusto odio dignissim qui blandit praesent luptatum zzril delenit augue duis dolore te feugait nulla facilisi.<br><\/p><\/blockquote><\/figure>\n\n\n\n<h3 class=\"wp-block-heading\">Par\u00e9ntesis<\/h3>\n\n\n\n<div class=\"wp-block-image is-style-default\"><figure class=\"alignleft size-large is-resized\"><img loading=\"lazy\" decoding=\"async\" src=\"https:\/\/olvidosdegranada.es\/wp-content\/uploads\/Recurso-20.png\" alt=\"\" class=\"wp-image-2745\" width=\"311\" height=\"22\" srcset=\"https:\/\/olvidosdegranada.es\/wp-content\/uploads\/\/Recurso-20.png 400w, https:\/\/olvidosdegranada.es\/wp-content\/uploads\/\/Recurso-20-300x21.png 300w, https:\/\/olvidosdegranada.es\/wp-content\/uploads\/\/Recurso-20-150x11.png 150w\" sizes=\"auto, (max-width: 311px) 100vw, 311px\" \/><\/figure><\/div>\n\n\n\n<p class=\"no_indent\">Siguiendo con la din\u00e1mica de los signos tipogr\u00e1ficos, para mostrar las etiquetas de una entrada utilizamos estos:<\/p>\n","protected":false},"excerpt":{"rendered":"<p>Estilo general La web de Olvidos recupera el concepto de la revista f\u00edsica que se &#8230; <\/p>\n<p class=\"read-more-container\"><a title=\"Manual de identidad visual de Olvidos\" class=\"read-more button\" href=\"https:\/\/olvidosdegranada.es\/index.php\/manual-de-identidad-visual\/#more-1500\" aria-label=\"Leer m\u00e1s sobre Manual de identidad visual de Olvidos\">Leer m\u00e1s<\/a><\/p>\n","protected":false},"author":1,"featured_media":0,"parent":0,"menu_order":0,"comment_status":"closed","ping_status":"closed","template":"","meta":{"_acf_changed":false,"footnotes":""},"class_list":{"0":"post-1500","1":"page","2":"type-page","3":"status-publish","5":"infinite-scroll-item","6":"no-featured-image-padding"},"acf":[],"yoast_head":"<!-- This site is optimized with the Yoast SEO plugin v28.3 - https:\/\/yoast.com\/product\/yoast-seo-wordpress\/ -->\n<title>Manual de identidad visual de Olvidos - Olvidos de Granada<\/title>\n<meta name=\"description\" content=\"Estilo general La web de Olvidos recupera el concepto de la revista f\u00edsica que se public\u00f3 en Granada en los a\u00f1os ochenta. De esta manera, la identidad\" \/>\n<meta name=\"robots\" content=\"index, follow, max-snippet:-1, max-image-preview:large, max-video-preview:-1\" \/>\n<link rel=\"canonical\" href=\"https:\/\/olvidosdegranada.es\/index.php\/manual-de-identidad-visual\/\" \/>\n<meta property=\"og:locale\" content=\"es_ES\" \/>\n<meta property=\"og:type\" content=\"article\" \/>\n<meta property=\"og:title\" content=\"Manual de identidad visual de Olvidos - Olvidos de Granada\" \/>\n<meta property=\"og:description\" content=\"Estilo general La web de Olvidos recupera el concepto de la revista f\u00edsica que se public\u00f3 en Granada en los a\u00f1os ochenta. De esta manera, la identidad\" \/>\n<meta property=\"og:url\" content=\"https:\/\/olvidosdegranada.es\/index.php\/manual-de-identidad-visual\/\" \/>\n<meta property=\"og:site_name\" content=\"Olvidos de Granada\" \/>\n<meta property=\"article:publisher\" content=\"https:\/\/www.facebook.com\/OLVIDOSDIGITAL\" \/>\n<meta property=\"article:modified_time\" content=\"2020-12-12T19:47:02+00:00\" \/>\n<meta property=\"og:image\" content=\"https:\/\/olvidosdegranada.es\/wp-content\/uploads\/2020\/12\/Recurso-9.png\" \/>\n<meta name=\"twitter:card\" content=\"summary_large_image\" \/>\n<meta name=\"twitter:site\" content=\"@olvidospuntoes\" \/>\n<meta name=\"twitter:label1\" content=\"Tiempo de lectura\" \/>\n\t<meta name=\"twitter:data1\" content=\"3 minutos\" \/>\n<script type=\"application\/ld+json\" class=\"yoast-schema-graph\">{\"@context\":\"https:\\\/\\\/schema.org\",\"@graph\":[{\"@type\":\"WebPage\",\"@id\":\"https:\\\/\\\/olvidosdegranada.es\\\/index.php\\\/manual-de-identidad-visual\\\/\",\"url\":\"https:\\\/\\\/olvidosdegranada.es\\\/index.php\\\/manual-de-identidad-visual\\\/\",\"name\":\"Manual de identidad visual de Olvidos - Olvidos de Granada\",\"isPartOf\":{\"@id\":\"https:\\\/\\\/olvidosdegranada.es\\\/#website\"},\"primaryImageOfPage\":{\"@id\":\"https:\\\/\\\/olvidosdegranada.es\\\/index.php\\\/manual-de-identidad-visual\\\/#primaryimage\"},\"image\":{\"@id\":\"https:\\\/\\\/olvidosdegranada.es\\\/index.php\\\/manual-de-identidad-visual\\\/#primaryimage\"},\"thumbnailUrl\":\"https:\\\/\\\/olvidosdegranada.es\\\/wp-content\\\/uploads\\\/2020\\\/12\\\/Recurso-9.png\",\"datePublished\":\"2020-12-01T10:35:27+00:00\",\"dateModified\":\"2020-12-12T19:47:02+00:00\",\"description\":\"Estilo general La web de Olvidos recupera el concepto de la revista f\u00edsica que se public\u00f3 en Granada en los a\u00f1os ochenta. De esta manera, la identidad\",\"breadcrumb\":{\"@id\":\"https:\\\/\\\/olvidosdegranada.es\\\/index.php\\\/manual-de-identidad-visual\\\/#breadcrumb\"},\"inLanguage\":\"es\",\"potentialAction\":[{\"@type\":\"ReadAction\",\"target\":[\"https:\\\/\\\/olvidosdegranada.es\\\/index.php\\\/manual-de-identidad-visual\\\/\"]}]},{\"@type\":\"ImageObject\",\"inLanguage\":\"es\",\"@id\":\"https:\\\/\\\/olvidosdegranada.es\\\/index.php\\\/manual-de-identidad-visual\\\/#primaryimage\",\"url\":\"https:\\\/\\\/olvidosdegranada.es\\\/wp-content\\\/uploads\\\/2020\\\/12\\\/Recurso-9.png\",\"contentUrl\":\"https:\\\/\\\/olvidosdegranada.es\\\/wp-content\\\/uploads\\\/2020\\\/12\\\/Recurso-9.png\",\"width\":700,\"height\":227},{\"@type\":\"BreadcrumbList\",\"@id\":\"https:\\\/\\\/olvidosdegranada.es\\\/index.php\\\/manual-de-identidad-visual\\\/#breadcrumb\",\"itemListElement\":[{\"@type\":\"ListItem\",\"position\":1,\"name\":\"Portada\",\"item\":\"https:\\\/\\\/olvidosdegranada.es\\\/\"},{\"@type\":\"ListItem\",\"position\":2,\"name\":\"Manual de identidad visual de Olvidos\"}]},{\"@type\":\"WebSite\",\"@id\":\"https:\\\/\\\/olvidosdegranada.es\\\/#website\",\"url\":\"https:\\\/\\\/olvidosdegranada.es\\\/\",\"name\":\"Olvidos de Granada\",\"description\":\"Revista de acciones culturales\",\"publisher\":{\"@id\":\"https:\\\/\\\/olvidosdegranada.es\\\/#organization\"},\"potentialAction\":[{\"@type\":\"SearchAction\",\"target\":{\"@type\":\"EntryPoint\",\"urlTemplate\":\"https:\\\/\\\/olvidosdegranada.es\\\/?s={search_term_string}\"},\"query-input\":{\"@type\":\"PropertyValueSpecification\",\"valueRequired\":true,\"valueName\":\"search_term_string\"}}],\"inLanguage\":\"es\"},{\"@type\":\"Organization\",\"@id\":\"https:\\\/\\\/olvidosdegranada.es\\\/#organization\",\"name\":\"Olvidos de Granada\",\"url\":\"https:\\\/\\\/olvidosdegranada.es\\\/\",\"logo\":{\"@type\":\"ImageObject\",\"inLanguage\":\"es\",\"@id\":\"https:\\\/\\\/olvidosdegranada.es\\\/#\\\/schema\\\/logo\\\/image\\\/\",\"url\":\"https:\\\/\\\/olvidosdegranada.es\\\/wp-content\\\/uploads\\\/2020\\\/12\\\/Recurso-9.png\",\"contentUrl\":\"https:\\\/\\\/olvidosdegranada.es\\\/wp-content\\\/uploads\\\/2020\\\/12\\\/Recurso-9.png\",\"width\":700,\"height\":227,\"caption\":\"Olvidos de Granada\"},\"image\":{\"@id\":\"https:\\\/\\\/olvidosdegranada.es\\\/#\\\/schema\\\/logo\\\/image\\\/\"},\"sameAs\":[\"https:\\\/\\\/www.facebook.com\\\/OLVIDOSDIGITAL\",\"https:\\\/\\\/x.com\\\/olvidospuntoes\"]}]}<\/script>\n<!-- \/ Yoast SEO plugin. -->","yoast_head_json":{"title":"Manual de identidad visual de Olvidos - Olvidos de Granada","description":"Estilo general La web de Olvidos recupera el concepto de la revista f\u00edsica que se public\u00f3 en Granada en los a\u00f1os ochenta. De esta manera, la identidad","robots":{"index":"index","follow":"follow","max-snippet":"max-snippet:-1","max-image-preview":"max-image-preview:large","max-video-preview":"max-video-preview:-1"},"canonical":"https:\/\/olvidosdegranada.es\/index.php\/manual-de-identidad-visual\/","og_locale":"es_ES","og_type":"article","og_title":"Manual de identidad visual de Olvidos - Olvidos de Granada","og_description":"Estilo general La web de Olvidos recupera el concepto de la revista f\u00edsica que se public\u00f3 en Granada en los a\u00f1os ochenta. De esta manera, la identidad","og_url":"https:\/\/olvidosdegranada.es\/index.php\/manual-de-identidad-visual\/","og_site_name":"Olvidos de Granada","article_publisher":"https:\/\/www.facebook.com\/OLVIDOSDIGITAL","article_modified_time":"2020-12-12T19:47:02+00:00","og_image":[{"url":"https:\/\/olvidosdegranada.es\/wp-content\/uploads\/2020\/12\/Recurso-9.png","type":"","width":"","height":""}],"twitter_card":"summary_large_image","twitter_site":"@olvidospuntoes","twitter_misc":{"Tiempo de lectura":"3 minutos"},"schema":{"@context":"https:\/\/schema.org","@graph":[{"@type":"WebPage","@id":"https:\/\/olvidosdegranada.es\/index.php\/manual-de-identidad-visual\/","url":"https:\/\/olvidosdegranada.es\/index.php\/manual-de-identidad-visual\/","name":"Manual de identidad visual de Olvidos - Olvidos de Granada","isPartOf":{"@id":"https:\/\/olvidosdegranada.es\/#website"},"primaryImageOfPage":{"@id":"https:\/\/olvidosdegranada.es\/index.php\/manual-de-identidad-visual\/#primaryimage"},"image":{"@id":"https:\/\/olvidosdegranada.es\/index.php\/manual-de-identidad-visual\/#primaryimage"},"thumbnailUrl":"https:\/\/olvidosdegranada.es\/wp-content\/uploads\/2020\/12\/Recurso-9.png","datePublished":"2020-12-01T10:35:27+00:00","dateModified":"2020-12-12T19:47:02+00:00","description":"Estilo general La web de Olvidos recupera el concepto de la revista f\u00edsica que se public\u00f3 en Granada en los a\u00f1os ochenta. De esta manera, la identidad","breadcrumb":{"@id":"https:\/\/olvidosdegranada.es\/index.php\/manual-de-identidad-visual\/#breadcrumb"},"inLanguage":"es","potentialAction":[{"@type":"ReadAction","target":["https:\/\/olvidosdegranada.es\/index.php\/manual-de-identidad-visual\/"]}]},{"@type":"ImageObject","inLanguage":"es","@id":"https:\/\/olvidosdegranada.es\/index.php\/manual-de-identidad-visual\/#primaryimage","url":"https:\/\/olvidosdegranada.es\/wp-content\/uploads\/2020\/12\/Recurso-9.png","contentUrl":"https:\/\/olvidosdegranada.es\/wp-content\/uploads\/2020\/12\/Recurso-9.png","width":700,"height":227},{"@type":"BreadcrumbList","@id":"https:\/\/olvidosdegranada.es\/index.php\/manual-de-identidad-visual\/#breadcrumb","itemListElement":[{"@type":"ListItem","position":1,"name":"Portada","item":"https:\/\/olvidosdegranada.es\/"},{"@type":"ListItem","position":2,"name":"Manual de identidad visual de Olvidos"}]},{"@type":"WebSite","@id":"https:\/\/olvidosdegranada.es\/#website","url":"https:\/\/olvidosdegranada.es\/","name":"Olvidos de Granada","description":"Revista de acciones culturales","publisher":{"@id":"https:\/\/olvidosdegranada.es\/#organization"},"potentialAction":[{"@type":"SearchAction","target":{"@type":"EntryPoint","urlTemplate":"https:\/\/olvidosdegranada.es\/?s={search_term_string}"},"query-input":{"@type":"PropertyValueSpecification","valueRequired":true,"valueName":"search_term_string"}}],"inLanguage":"es"},{"@type":"Organization","@id":"https:\/\/olvidosdegranada.es\/#organization","name":"Olvidos de Granada","url":"https:\/\/olvidosdegranada.es\/","logo":{"@type":"ImageObject","inLanguage":"es","@id":"https:\/\/olvidosdegranada.es\/#\/schema\/logo\/image\/","url":"https:\/\/olvidosdegranada.es\/wp-content\/uploads\/2020\/12\/Recurso-9.png","contentUrl":"https:\/\/olvidosdegranada.es\/wp-content\/uploads\/2020\/12\/Recurso-9.png","width":700,"height":227,"caption":"Olvidos de Granada"},"image":{"@id":"https:\/\/olvidosdegranada.es\/#\/schema\/logo\/image\/"},"sameAs":["https:\/\/www.facebook.com\/OLVIDOSDIGITAL","https:\/\/x.com\/olvidospuntoes"]}]}},"jetpack_sharing_enabled":true,"_links":{"self":[{"href":"https:\/\/olvidosdegranada.es\/index.php\/wp-json\/wp\/v2\/pages\/1500","targetHints":{"allow":["GET"]}}],"collection":[{"href":"https:\/\/olvidosdegranada.es\/index.php\/wp-json\/wp\/v2\/pages"}],"about":[{"href":"https:\/\/olvidosdegranada.es\/index.php\/wp-json\/wp\/v2\/types\/page"}],"author":[{"embeddable":true,"href":"https:\/\/olvidosdegranada.es\/index.php\/wp-json\/wp\/v2\/users\/1"}],"replies":[{"embeddable":true,"href":"https:\/\/olvidosdegranada.es\/index.php\/wp-json\/wp\/v2\/comments?post=1500"}],"version-history":[{"count":42,"href":"https:\/\/olvidosdegranada.es\/index.php\/wp-json\/wp\/v2\/pages\/1500\/revisions"}],"predecessor-version":[{"id":2817,"href":"https:\/\/olvidosdegranada.es\/index.php\/wp-json\/wp\/v2\/pages\/1500\/revisions\/2817"}],"wp:attachment":[{"href":"https:\/\/olvidosdegranada.es\/index.php\/wp-json\/wp\/v2\/media?parent=1500"}],"curies":[{"name":"wp","href":"https:\/\/api.w.org\/{rel}","templated":true}]}}