{"version":"1.0","provider_name":"Olvidos de Granada","provider_url":"https:\/\/olvidosdegranada.es","author_name":"Alfonso Salazar","author_url":"https:\/\/olvidosdegranada.es\/index.php\/author\/alfonso-salazar\/","title":"Manuel Falces \/Autorretratos - Olvidos de Granada","type":"rich","width":600,"height":338,"html":"<blockquote class=\"wp-embedded-content\" data-secret=\"lF3ZKVsICo\"><a href=\"https:\/\/olvidosdegranada.es\/index.php\/2014\/02\/06\/manuel-falces-2\/\">Manuel Falces \/Autorretratos<\/a><\/blockquote><iframe sandbox=\"allow-scripts\" security=\"restricted\" src=\"https:\/\/olvidosdegranada.es\/index.php\/2014\/02\/06\/manuel-falces-2\/embed\/#?secret=lF3ZKVsICo\" width=\"600\" height=\"338\" title=\"\u00abManuel Falces \/Autorretratos\u00bb \u2014 Olvidos de Granada\" data-secret=\"lF3ZKVsICo\" frameborder=\"0\" marginwidth=\"0\" marginheight=\"0\" scrolling=\"no\" class=\"wp-embedded-content\"><\/iframe><script>\n\/*! This file is auto-generated *\/\n!function(d,l){\"use strict\";l.querySelector&&d.addEventListener&&\"undefined\"!=typeof URL&&(d.wp=d.wp||{},d.wp.receiveEmbedMessage||(d.wp.receiveEmbedMessage=function(e){var t=e.data;if((t||t.secret||t.message||t.value)&&!\/[^a-zA-Z0-9]\/.test(t.secret)){for(var s,r,n,a=l.querySelectorAll('iframe[data-secret=\"'+t.secret+'\"]'),o=l.querySelectorAll('blockquote[data-secret=\"'+t.secret+'\"]'),c=new RegExp(\"^https?:$\",\"i\"),i=0;i<o.length;i++)o[i].style.display=\"none\";for(i=0;i<a.length;i++)s=a[i],e.source===s.contentWindow&&(s.removeAttribute(\"style\"),\"height\"===t.message?(1e3<(r=parseInt(t.value,10))?r=1e3:~~r<200&&(r=200),s.height=r):\"link\"===t.message&&(r=new URL(s.getAttribute(\"src\")),n=new URL(t.value),c.test(n.protocol))&&n.host===r.host&&l.activeElement===s&&(d.top.location.href=t.value))}},d.addEventListener(\"message\",d.wp.receiveEmbedMessage,!1),l.addEventListener(\"DOMContentLoaded\",function(){for(var e,t,s=l.querySelectorAll(\"iframe.wp-embedded-content\"),r=0;r<s.length;r++)(t=(e=s[r]).getAttribute(\"data-secret\"))||(t=Math.random().toString(36).substring(2,12),e.src+=\"#?secret=\"+t,e.setAttribute(\"data-secret\",t)),e.contentWindow.postMessage({message:\"ready\",secret:t},\"*\")},!1)))}(window,document);\n\/\/# sourceURL=https:\/\/olvidosdegranada.es\/wp-includes\/js\/wp-embed.min.js\n<\/script>\n","description":"Manuel Falces, Matilde Imberl\u00f3n, Mariano Maresca, Fernando Valls Mariano Maresca En junio de 2011, me reun\u00ed en Almer\u00eda con Matilde S\u00e1nchez para preparar nuestra edici\u00f3n sobre la \u00faltima obra de Manuel Falces. Pero en","thumbnail_url":"https:\/\/olvidosdegranada.es\/wp-content\/uploads\/FALCES-PRUEBA-1-1024x397.jpg"}